{"id":591,"date":"2023-01-12T15:32:13","date_gmt":"2023-01-12T15:32:13","guid":{"rendered":"https:\/\/lacortehotel.info\/privacy\/"},"modified":"2025-04-09T07:55:53","modified_gmt":"2025-04-09T07:55:53","slug":"privacy","status":"publish","type":"page","link":"https:\/\/lacortehotel.info\/cs\/privacy\/","title":{"rendered":"Privacy"},"content":{"rendered":"\n<p><strong>INFORMACE O ZPRACOV\u00c1N\u00cd OSOBN\u00cdCH \u00daDAJ\u016e<\/strong><\/p>\n\n\n\n<p><em>V\u00e1\u017een\u00fd z\u00e1kazn\u00edku,<\/em><\/p>\n\n\n\n<p><em>v souladu s platn\u00fdmi pr\u00e1vn\u00edmi p\u0159edpisy o ochran\u011b osobn\u00edch \u00fadaj\u016f (na\u0159\u00edzen\u00ed EU \u010d. 679 ze 2016), v\u00e1s chceme informovat, \u017ee zpracov\u00e1n\u00ed va\u0161ich osobn\u00edch \u00fadaj\u016f je prov\u00e1d\u011bno se spr\u00e1vnost\u00ed a transparentnost\u00ed, pro z\u00e1konn\u00e9 \u00fa\u010dely a s t\u00edm, \u017ee chr\u00e1n\u00ed va\u0161e soukrom\u00ed a va\u0161e pr\u00e1va.<\/em><\/p>\n\n\n\n<p><em>Zpracov\u00e1n\u00ed jsou prov\u00e1d\u011bna s pomoc\u00ed po\u010d\u00edta\u010dov\u00fdch prost\u0159edk\u016f pro n\u00e1sleduj\u00edc\u00ed \u00fa\u010dely:<\/em><\/p>\n\n\n\n<ol class=\"wp-block-list\">\n<li><em><u>z\u00edsk\u00e1n\u00ed a potvrzen\u00ed rezervace ubytovac\u00edch slu\u017eeb a dopl\u0148kov\u00fdch slu\u017eeb a poskytov\u00e1n\u00ed po\u017eadovan\u00fdch slu\u017eeb<\/u><\/em><em>. Vzhledem k tomu, \u017ee se jedn\u00e1 o nezbytnou \u00fapravu pro vymezen\u00ed smluvn\u00ed dohody a pro jej\u00ed n\u00e1sledn\u00e9 prov\u00e1d\u011bn\u00ed, nen\u00ed jej\u00ed souhlas nutn\u00fd, s v\u00fdjimkou p\u0159\u00edpad\u016f, kdy jsou sv\u011b\u0159eny zvl\u00e1\u0161tn\u00ed, takzvan\u00e9 d\u016fv\u011brn\u00e9 \u00fadaje. V p\u0159\u00edpad\u011b odm\u00edtnut\u00ed sv\u011b\u0159it osobn\u00ed \u00fadaje, nebudeme moci potvrdit rezervaci nebo poskytnout po\u017eadovan\u00e9 slu\u017eby. Zah\u00e1jen\u00e1 rezervace bude ukon\u010dena, ale n\u011bkter\u00e9 z osobn\u00edch \u00fadaj\u016f mohou nebo budou i nad\u00e1le zpracov\u00e1v\u00e1ny pro \u00fa\u010dely a postupy uveden\u00fdmi v n\u00e1sleduj\u00edc\u00edch bodech;<\/em><\/li>\n\n\n\n<li><em><u>za \u00fa\u010delem spln\u011bn\u00ed povinnosti stanoven\u00e9 v \u201cJednotn\u00e9 zn\u011bn\u00ed pr\u00e1vn\u00edch p\u0159edpis\u016f o ve\u0159ejn\u00e9 bezpe\u010dnosti\u201d (\u010cl\u00e1nek 109 R.D. 18.6.1931 \u010d. 773) Je vy\u017eadov\u00e1no, abychom pro \u00fa\u010dely ve\u0159ejn\u00e9 bezpe\u010dnosti komunikovali s policejn\u00edm \u00fa\u0159adem o toto\u017enosti ubytovan\u00fdch z\u00e1kazn\u00edk\u016f.<\/u><\/em><em>&nbsp;Podle postup\u016f stanoven\u00fdch ministerstvem vnitra (vyhl\u00e1\u0161ka 7 leden 2013). Sv\u011b\u0159en\u00ed \u00fadaj\u016f je povinn\u00e9 a nevy\u017eaduje souhlas, a v p\u0159\u00edpad\u011b odm\u00edtnut\u00ed poskytnout je nebudeme v\u00e1s moci ubytovat. \u00dadaje z\u00edskan\u00e9 za t\u00edmto \u00fa\u010delem nejsou n\u00e1mi uchov\u00e1v\u00e1ny, leda\u017ee by n\u00e1m byl poskytnut souhlas s ochranou podle bodu 4;<\/em><\/li>\n\n\n\n<li><em><u>pro dodr\u017een\u00ed sou\u010dasn\u00e9 administrativn\u00ed, \u00fa\u010detn\u00ed a da\u0148ov\u00e9 povinnosti<\/u><\/em><em>. Pro tyto \u00fa\u010dely se zpracov\u00e1n\u00ed prov\u00e1d\u00ed bez nutnosti z\u00edskat souhlas. \u00dadaje zpracov\u00e1v\u00e1me u n\u00e1s a u na\u0161ich z\u00e1stupc\u016f a jsou sd\u011blov\u00e1ny pouze v souladu s pr\u00e1vn\u00edmi z\u00e1vazky. V p\u0159\u00edpad\u011b odm\u00edtnut\u00ed poskytnout \u00fadaje nezbytn\u00e9 pro v\u00fd\u0161e uveden\u00e9 povinnosti nebudeme schopni poskytovat po\u017eadovan\u00e9 slu\u017eby. Z\u00edskan\u00e9 \u00fadaje pro tyto \u00fa\u010dely jsou uchov\u00e1v\u00e1ny po dobu stanovenou p\u0159\u00edslu\u0161n\u00fdmi p\u0159edpisy (10 let, a je\u0161t\u011b v\u00edce v p\u0159\u00edpad\u011b da\u0148ov\u00e9 kontroly);<\/em><\/li>\n\n\n\n<li><em><u>pro urychlen\u00ed registra\u010dn\u00ed procedury v p\u0159\u00edpad\u011b va\u0161ich dal\u0161\u00edch pobyt\u016f v na\u0161em za\u0159\u00edzen\u00ed<\/u><\/em><em>. Za t\u00edmto \u00fa\u010delem po obdr\u017een\u00ed va\u0161eho kdykoli odvolateln\u00e9ho souhlasu budeme uchov\u00e1vat data nejv\u00fd\u0161e 1 rok a budou pou\u017eita, kdy\u017e budete op\u011bt hostem, pro \u00fa\u010dely uveden\u00e9 v p\u0159edchoz\u00edch bodech<\/em><\/li>\n\n\n\n<li><em><u>vykon\u00e1vat funkci p\u0159ij\u00edm\u00e1n\u00ed zpr\u00e1v a hovor\u016f adresovan\u00fdch n\u00e1m b\u011bhem va\u0161eho pobytu<\/u><\/em><em>. Za t\u00edmto \u00fa\u010delem je nutn\u00fd v\u00e1\u0161 souhlas. Sv\u016fj souhlas m\u016f\u017eete kdykoli odvolat. Funkce v\u0161ak bude ukon\u010dena p\u0159i odjezdu;<\/em><\/li>\n\n\n\n<li><em><u>pos\u00edlat v\u00e1m na\u0161e propaga\u010dn\u00ed sd\u011blen\u00ed a aktualizace cen a nab\u00eddek.&nbsp;<\/u><\/em><em>Za t\u00edmto \u00fa\u010delem budou va\u0161e \u00fadaje po z\u00edsk\u00e1n\u00ed va\u0161eho souhlasu uchov\u00e1ny po dobu maxim\u00e1ln\u011b 1 roku a nebudou sd\u011bleny t\u0159et\u00edm stran\u00e1m. Sv\u016fj souhlas m\u016f\u017eete kdykoli odvolat;<\/em><\/li>\n\n\n\n<li><em><u>pro ochranu osob, a majetku prost\u0159ednictv\u00edm syst\u00e9mu sledov\u00e1n\u00ed videa v n\u011bkter\u00fdch oblastech budov, identifikovateln\u00e9 p\u0159\u00edtomnost\u00ed zvl\u00e1\u0161tn\u00edch znak\u016f.&nbsp;<\/u><\/em><em>V\u00e1\u0161 souhlas nen\u00ed pro tuto funkci nutn\u00fd, nebo\u0165 sleduje n\u00e1\u0161 opr\u00e1vn\u011bn\u00fd z\u00e1jem na ochran\u011b lid\u00ed a zbo\u017e\u00ed p\u0159ed mo\u017en\u00fdmi agresemi, kr\u00e1de\u017eemi, loupe\u017eemi, \u0161kodami, vandalismem, po\u017e\u00e1rn\u00edmi a bezpe\u010dnostn\u00edmi \u00fa\u010dely. Zaznamenan\u00e9 sn\u00edmky jsou smaz\u00e1na po 24 hodin\u00e1ch, s v\u00fdjimkou sv\u00e1tk\u016f nebo jin\u00fdch p\u0159\u00edpad\u016f nap\u0159. konec roku, a je\u0161t\u011b ne d\u00e9le ne\u017e jeden t\u00fdden. Nejsou p\u0159edm\u011btem sd\u011blen\u00ed t\u0159et\u00edm stran\u00e1m, s v\u00fdjimkou p\u0159\u00edpad\u016f, kdy je nutn\u00e9 dodr\u017eovat zvl\u00e1\u0161tn\u00ed \u017e\u00e1dost vy\u0161et\u0159ovac\u00edho soudn\u00edho org\u00e1nu nebo policie.<\/em><\/li>\n<\/ol>\n\n\n\n<p><em>R\u00e1di bychom v\u00e1s tak\u00e9 informovali, \u017ee evropsk\u00e9 na\u0159\u00edzen\u00ed uzn\u00e1v\u00e1 n\u011bkter\u00e1 pr\u00e1va, v\u010detn\u011b pr\u00e1va na p\u0159\u00edstup a opravu, zru\u0161en\u00ed nebo omezen\u00ed nebo nesouhlasu se zpracov\u00e1n\u00edm, jako\u017e i pr\u00e1va na p\u0159enositelnost dat, pokud je to mo\u017en\u00e9 (\u010dl\u00e1nky od 15 a\u017e 22 na\u0159\u00edzen\u00ed EU \u010d. 679 z 2016). M\u016f\u017ee tak\u00e9 podat st\u00ed\u017enost org\u00e1nu dozoru v souladu s postupy stanoven\u00fdmi platn\u00fdmi pr\u00e1vn\u00edmi p\u0159edpisy<\/em><\/p>\n\n\n\n<p><em>Pro dal\u0161\u00ed informace a pro prosazov\u00e1n\u00ed pr\u00e1v, kter\u00e1 v\u00e1m ud\u011blila Evropsk\u00e1 regulace, se m\u016f\u017eete obr\u00e1tit na<\/em><em>:<\/em><\/p>\n\n\n\n<p><em><strong>Spr\u00e1vce \u00fadaj\u016f&nbsp;<\/strong><\/em><em>(jm\u00e9no a p\u0159\u00edjmen\u00ed nebo jm\u00e9no v p\u0159\u00edpad\u011b instituce nebo spole\u010dnosti): LUCIA CONVENTO (kontaktn\u00ed \u00fadaje) 049\/5807277.<\/em><\/p>\n","protected":false},"excerpt":{"rendered":"<p>INFORMACE O ZPRACOV\u00c1N\u00cd OSOBN\u00cdCH \u00daDAJ\u016e V\u00e1\u017een\u00fd z\u00e1kazn\u00edku, v souladu s platn\u00fdmi pr\u00e1vn\u00edmi p\u0159edpisy o ochran\u011b osobn\u00edch \u00fadaj\u016f (na\u0159\u00edzen\u00ed EU \u010d. 679 ze 2016), v\u00e1s chceme informovat, \u017ee zpracov\u00e1n\u00ed va\u0161ich osobn\u00edch \u00fadaj\u016f je prov\u00e1d\u011bno se spr\u00e1vnost\u00ed a transparentnost\u00ed, pro z\u00e1konn\u00e9 \u00fa\u010dely a s t\u00edm, \u017ee chr\u00e1n\u00ed va\u0161e soukrom\u00ed a va\u0161e pr\u00e1va. Zpracov\u00e1n\u00ed jsou prov\u00e1d\u011bna s pomoc\u00ed [&hellip;]<\/p>\n","protected":false},"author":1,"featured_media":0,"parent":0,"menu_order":0,"comment_status":"closed","ping_status":"closed","template":"","meta":{"_acf_changed":false,"inline_featured_image":false,"_joinchat":[],"footnotes":""},"class_list":["post-591","page","type-page","status-publish","hentry"],"acf":[],"yoast_head":"<!-- This site is optimized with the Yoast SEO plugin v27.4 - https:\/\/yoast.com\/product\/yoast-seo-wordpress\/ -->\n<title>Privacy - La Corte Hotel<\/title>\n<meta name=\"description\" content=\"Va\u0161e soukrom\u00ed je pro n\u00e1s d\u016fle\u017eit\u00e9. P\u0159e\u010dt\u011bte si na\u0161e z\u00e1sady ochrany osobn\u00edch \u00fadaj\u016f a zjist\u011bte, jak chr\u00e1n\u00edme va\u0161e data.\" \/>\n<meta name=\"robots\" content=\"index, follow, max-snippet:-1, max-image-preview:large, max-video-preview:-1\" \/>\n<link rel=\"canonical\" href=\"https:\/\/lacortehotel.info\/cs\/privacy\/\" \/>\n<meta property=\"og:locale\" content=\"cs_CZ\" \/>\n<meta property=\"og:type\" content=\"article\" \/>\n<meta property=\"og:title\" content=\"Privacy - La Corte Hotel\" \/>\n<meta property=\"og:description\" content=\"Va\u0161e soukrom\u00ed je pro n\u00e1s d\u016fle\u017eit\u00e9. P\u0159e\u010dt\u011bte si na\u0161e z\u00e1sady ochrany osobn\u00edch \u00fadaj\u016f a zjist\u011bte, jak chr\u00e1n\u00edme va\u0161e data.\" \/>\n<meta property=\"og:url\" content=\"https:\/\/lacortehotel.info\/cs\/privacy\/\" \/>\n<meta property=\"og:site_name\" content=\"La Corte Hotel\" \/>\n<meta property=\"article:publisher\" content=\"https:\/\/www.facebook.com\/pages\/Hotel-La-Corte\/120373951334581\" \/>\n<meta property=\"article:modified_time\" content=\"2025-04-09T07:55:53+00:00\" \/>\n<meta property=\"og:image\" content=\"https:\/\/lacortehotel.info\/wp-content\/uploads\/2023\/05\/nuovo-logo-corte.png\" \/>\n\t<meta property=\"og:image:width\" content=\"361\" \/>\n\t<meta property=\"og:image:height\" content=\"371\" \/>\n\t<meta property=\"og:image:type\" content=\"image\/png\" \/>\n<meta name=\"twitter:card\" content=\"summary_large_image\" \/>\n<meta name=\"twitter:label1\" content=\"Odhadovan\u00e1 doba \u010dten\u00ed\" \/>\n\t<meta name=\"twitter:data1\" content=\"4 minuty\" \/>\n<script type=\"application\/ld+json\" class=\"yoast-schema-graph\">{\"@context\":\"https:\\\/\\\/schema.org\",\"@graph\":[{\"@type\":\"WebPage\",\"@id\":\"https:\\\/\\\/lacortehotel.info\\\/cs\\\/privacy\\\/\",\"url\":\"https:\\\/\\\/lacortehotel.info\\\/cs\\\/privacy\\\/\",\"name\":\"Privacy - La Corte Hotel\",\"isPartOf\":{\"@id\":\"https:\\\/\\\/lacortehotel.info\\\/cs\\\/#website\"},\"datePublished\":\"2023-01-12T15:32:13+00:00\",\"dateModified\":\"2025-04-09T07:55:53+00:00\",\"description\":\"Va\u0161e soukrom\u00ed je pro n\u00e1s d\u016fle\u017eit\u00e9. P\u0159e\u010dt\u011bte si na\u0161e z\u00e1sady ochrany osobn\u00edch \u00fadaj\u016f a zjist\u011bte, jak chr\u00e1n\u00edme va\u0161e data.\",\"breadcrumb\":{\"@id\":\"https:\\\/\\\/lacortehotel.info\\\/cs\\\/privacy\\\/#breadcrumb\"},\"inLanguage\":\"cs\",\"potentialAction\":[{\"@type\":\"ReadAction\",\"target\":[\"https:\\\/\\\/lacortehotel.info\\\/cs\\\/privacy\\\/\"]}]},{\"@type\":\"BreadcrumbList\",\"@id\":\"https:\\\/\\\/lacortehotel.info\\\/cs\\\/privacy\\\/#breadcrumb\",\"itemListElement\":[{\"@type\":\"ListItem\",\"position\":1,\"name\":\"Home\",\"item\":\"https:\\\/\\\/lacortehotel.info\\\/cs\\\/\"},{\"@type\":\"ListItem\",\"position\":2,\"name\":\"Privacy\"}]},{\"@type\":\"WebSite\",\"@id\":\"https:\\\/\\\/lacortehotel.info\\\/cs\\\/#website\",\"url\":\"https:\\\/\\\/lacortehotel.info\\\/cs\\\/\",\"name\":\"Hotel La Corte\",\"description\":\"V srdci P\u00e1dsk\u00e9 n\u00ed\u017einy... v\u00e1\u0161 druh\u00fd domov!\",\"publisher\":{\"@id\":\"https:\\\/\\\/lacortehotel.info\\\/cs\\\/#organization\"},\"alternateName\":\"La Corte di Correzzola\",\"potentialAction\":[{\"@type\":\"SearchAction\",\"target\":{\"@type\":\"EntryPoint\",\"urlTemplate\":\"https:\\\/\\\/lacortehotel.info\\\/cs\\\/?s={search_term_string}\"},\"query-input\":{\"@type\":\"PropertyValueSpecification\",\"valueRequired\":true,\"valueName\":\"search_term_string\"}}],\"inLanguage\":\"cs\"},{\"@type\":\"Organization\",\"@id\":\"https:\\\/\\\/lacortehotel.info\\\/cs\\\/#organization\",\"name\":\"Hotel la Corte\",\"url\":\"https:\\\/\\\/lacortehotel.info\\\/cs\\\/\",\"logo\":{\"@type\":\"ImageObject\",\"inLanguage\":\"cs\",\"@id\":\"https:\\\/\\\/lacortehotel.info\\\/cs\\\/#\\\/schema\\\/logo\\\/image\\\/\",\"url\":\"https:\\\/\\\/lacortehotel.info\\\/wp-content\\\/uploads\\\/2023\\\/05\\\/logo-sito-p-e1683800838815.png\",\"contentUrl\":\"https:\\\/\\\/lacortehotel.info\\\/wp-content\\\/uploads\\\/2023\\\/05\\\/logo-sito-p-e1683800838815.png\",\"width\":100,\"height\":94,\"caption\":\"Hotel la Corte\"},\"image\":{\"@id\":\"https:\\\/\\\/lacortehotel.info\\\/cs\\\/#\\\/schema\\\/logo\\\/image\\\/\"},\"sameAs\":[\"https:\\\/\\\/www.facebook.com\\\/pages\\\/Hotel-La-Corte\\\/120373951334581\",\"https:\\\/\\\/www.instagram.com\\\/lacortecorrezzola\\\/\"]}]}<\/script>\n<!-- \/ Yoast SEO plugin. -->","yoast_head_json":{"title":"Privacy - La Corte Hotel","description":"Va\u0161e soukrom\u00ed je pro n\u00e1s d\u016fle\u017eit\u00e9. P\u0159e\u010dt\u011bte si na\u0161e z\u00e1sady ochrany osobn\u00edch \u00fadaj\u016f a zjist\u011bte, jak chr\u00e1n\u00edme va\u0161e data.","robots":{"index":"index","follow":"follow","max-snippet":"max-snippet:-1","max-image-preview":"max-image-preview:large","max-video-preview":"max-video-preview:-1"},"canonical":"https:\/\/lacortehotel.info\/cs\/privacy\/","og_locale":"cs_CZ","og_type":"article","og_title":"Privacy - La Corte Hotel","og_description":"Va\u0161e soukrom\u00ed je pro n\u00e1s d\u016fle\u017eit\u00e9. P\u0159e\u010dt\u011bte si na\u0161e z\u00e1sady ochrany osobn\u00edch \u00fadaj\u016f a zjist\u011bte, jak chr\u00e1n\u00edme va\u0161e data.","og_url":"https:\/\/lacortehotel.info\/cs\/privacy\/","og_site_name":"La Corte Hotel","article_publisher":"https:\/\/www.facebook.com\/pages\/Hotel-La-Corte\/120373951334581","article_modified_time":"2025-04-09T07:55:53+00:00","og_image":[{"width":361,"height":371,"url":"https:\/\/lacortehotel.info\/wp-content\/uploads\/2023\/05\/nuovo-logo-corte.png","type":"image\/png"}],"twitter_card":"summary_large_image","twitter_misc":{"Odhadovan\u00e1 doba \u010dten\u00ed":"4 minuty"},"schema":{"@context":"https:\/\/schema.org","@graph":[{"@type":"WebPage","@id":"https:\/\/lacortehotel.info\/cs\/privacy\/","url":"https:\/\/lacortehotel.info\/cs\/privacy\/","name":"Privacy - La Corte Hotel","isPartOf":{"@id":"https:\/\/lacortehotel.info\/cs\/#website"},"datePublished":"2023-01-12T15:32:13+00:00","dateModified":"2025-04-09T07:55:53+00:00","description":"Va\u0161e soukrom\u00ed je pro n\u00e1s d\u016fle\u017eit\u00e9. P\u0159e\u010dt\u011bte si na\u0161e z\u00e1sady ochrany osobn\u00edch \u00fadaj\u016f a zjist\u011bte, jak chr\u00e1n\u00edme va\u0161e data.","breadcrumb":{"@id":"https:\/\/lacortehotel.info\/cs\/privacy\/#breadcrumb"},"inLanguage":"cs","potentialAction":[{"@type":"ReadAction","target":["https:\/\/lacortehotel.info\/cs\/privacy\/"]}]},{"@type":"BreadcrumbList","@id":"https:\/\/lacortehotel.info\/cs\/privacy\/#breadcrumb","itemListElement":[{"@type":"ListItem","position":1,"name":"Home","item":"https:\/\/lacortehotel.info\/cs\/"},{"@type":"ListItem","position":2,"name":"Privacy"}]},{"@type":"WebSite","@id":"https:\/\/lacortehotel.info\/cs\/#website","url":"https:\/\/lacortehotel.info\/cs\/","name":"Hotel La Corte","description":"V srdci P\u00e1dsk\u00e9 n\u00ed\u017einy... v\u00e1\u0161 druh\u00fd domov!","publisher":{"@id":"https:\/\/lacortehotel.info\/cs\/#organization"},"alternateName":"La Corte di Correzzola","potentialAction":[{"@type":"SearchAction","target":{"@type":"EntryPoint","urlTemplate":"https:\/\/lacortehotel.info\/cs\/?s={search_term_string}"},"query-input":{"@type":"PropertyValueSpecification","valueRequired":true,"valueName":"search_term_string"}}],"inLanguage":"cs"},{"@type":"Organization","@id":"https:\/\/lacortehotel.info\/cs\/#organization","name":"Hotel la Corte","url":"https:\/\/lacortehotel.info\/cs\/","logo":{"@type":"ImageObject","inLanguage":"cs","@id":"https:\/\/lacortehotel.info\/cs\/#\/schema\/logo\/image\/","url":"https:\/\/lacortehotel.info\/wp-content\/uploads\/2023\/05\/logo-sito-p-e1683800838815.png","contentUrl":"https:\/\/lacortehotel.info\/wp-content\/uploads\/2023\/05\/logo-sito-p-e1683800838815.png","width":100,"height":94,"caption":"Hotel la Corte"},"image":{"@id":"https:\/\/lacortehotel.info\/cs\/#\/schema\/logo\/image\/"},"sameAs":["https:\/\/www.facebook.com\/pages\/Hotel-La-Corte\/120373951334581","https:\/\/www.instagram.com\/lacortecorrezzola\/"]}]}},"_links":{"self":[{"href":"https:\/\/lacortehotel.info\/cs\/wp-json\/wp\/v2\/pages\/591","targetHints":{"allow":["GET"]}}],"collection":[{"href":"https:\/\/lacortehotel.info\/cs\/wp-json\/wp\/v2\/pages"}],"about":[{"href":"https:\/\/lacortehotel.info\/cs\/wp-json\/wp\/v2\/types\/page"}],"author":[{"embeddable":true,"href":"https:\/\/lacortehotel.info\/cs\/wp-json\/wp\/v2\/users\/1"}],"replies":[{"embeddable":true,"href":"https:\/\/lacortehotel.info\/cs\/wp-json\/wp\/v2\/comments?post=591"}],"version-history":[{"count":1,"href":"https:\/\/lacortehotel.info\/cs\/wp-json\/wp\/v2\/pages\/591\/revisions"}],"predecessor-version":[{"id":592,"href":"https:\/\/lacortehotel.info\/cs\/wp-json\/wp\/v2\/pages\/591\/revisions\/592"}],"wp:attachment":[{"href":"https:\/\/lacortehotel.info\/cs\/wp-json\/wp\/v2\/media?parent=591"}],"curies":[{"name":"wp","href":"https:\/\/api.w.org\/{rel}","templated":true}]}}